{"id":7076,"date":"2023-05-29T08:00:32","date_gmt":"2023-05-29T08:00:32","guid":{"rendered":"https:\/\/foundation-arise.com\/?post_type=testimonial&#038;p=7076"},"modified":"2023-06-27T06:58:10","modified_gmt":"2023-06-27T06:58:10","slug":"djeki-ndani-dewa","status":"publish","type":"testimonial","link":"https:\/\/foundation-arise.com\/fr\/testimonial\/djeki-ndani-dewa\/","title":{"rendered":"Djeki N\u2019Dani D\u00e9wa"},"content":{"rendered":"<p>Au nom de tous les acteurs de l\u2019EPP Adetikope Centrale, au nom de la direction et \u00e0 mon nom personnel, je tiens \u00e0 dire un sinc\u00e8re merci \u00e0 ARISE Foundation pour la m\u00e9tamorphose de notre \u00e9cole. <strong>Gr\u00e2ce \u00e0 ARISE Foundation, notre \u00e9cole a fait peau neuve avec deux nouveaux b\u00e2timents dont un en \u00e9tage avec des toilettes incorpor\u00e9es et une gigantesque cl\u00f4ture qui ceinture l\u2019ensemble de notre \u00e9cole. Gr\u00e2ce a ARISE Foundation nous travaillons m\u00eame quand il pleut.<\/strong>\u00a0ARISE Foundation merci, merci, merci. Akpe Kaka Elabal\u00e8, God bless you every time.<\/p>","protected":false},"excerpt":{"rendered":"<p>On behalf of all the actors of the EPP Adetikope Centrale, on behalf of the management&#8230;<\/p>","protected":false},"featured_media":8005,"template":"","class_list":["post-7076","testimonial","type-testimonial","status-publish","has-post-thumbnail","hentry"],"acf":[],"_links":{"self":[{"href":"https:\/\/foundation-arise.com\/fr\/wp-json\/wp\/v2\/testimonial\/7076","targetHints":{"allow":["GET"]}}],"collection":[{"href":"https:\/\/foundation-arise.com\/fr\/wp-json\/wp\/v2\/testimonial"}],"about":[{"href":"https:\/\/foundation-arise.com\/fr\/wp-json\/wp\/v2\/types\/testimonial"}],"wp:featuredmedia":[{"embeddable":true,"href":"https:\/\/foundation-arise.com\/fr\/wp-json\/wp\/v2\/media\/8005"}],"wp:attachment":[{"href":"https:\/\/foundation-arise.com\/fr\/wp-json\/wp\/v2\/media?parent=7076"}],"curies":[{"name":"wp","href":"https:\/\/api.w.org\/{rel}","templated":true}]}}